{"id":1166,"date":"2025-05-02T21:02:59","date_gmt":"2025-05-02T19:02:59","guid":{"rendered":"https:\/\/shortdebaixorganic.com\/?page_id=1166"},"modified":"2025-05-04T19:36:00","modified_gmt":"2025-05-04T17:36:00","slug":"nosaltres","status":"publish","type":"page","link":"https:\/\/shortdebaixorganic.com\/index.php\/nosaltres\/","title":{"rendered":"Nosaltres"},"content":{"rendered":"<p>[et_pb_section fb_built=\u00bb1&#8243; custom_padding_last_edited=\u00bbon|phone\u00bb _builder_version=\u00bb4.27.4&#8243; _module_preset=\u00bbdefault\u00bb background_image=\u00bbhttps:\/\/shortdebaixorganic.com\/wp-content\/uploads\/2025\/03\/short-de-baix-remolatxes-scaled.jpg\u00bb background_position=\u00bbbottom_left\u00bb background_enable_video_mp4=\u00bboff\u00bb height=\u00bb337px\u00bb height_tablet=\u00bb\u00bb height_phone=\u00bb\u00bb height_last_edited=\u00bbon|phone\u00bb custom_margin=\u00bb||1px||false|false\u00bb custom_margin_last_edited=\u00bboff|phone\u00bb custom_padding=\u00bb||||false|false\u00bb custom_padding_tablet=\u00bb||||false|false\u00bb custom_padding_phone=\u00bb||||false|false\u00bb scroll_vertical_motion_enable=\u00bboff\u00bb background_last_edited=\u00bbon|phone\u00bb parallax_phone=\u00bboff\u00bb background_size_phone=\u00bbcover\u00bb global_colors_info=\u00bb{}\u00bb][et_pb_row _builder_version=\u00bb4.27.4&#8243; _module_preset=\u00bbdefault\u00bb width=\u00bb100%\u00bb custom_margin_tablet=\u00bb\u00bb custom_margin_phone=\u00bb\u00bb custom_margin_last_edited=\u00bbon|phone\u00bb custom_padding=\u00bb62px||22px||false|false\u00bb global_colors_info=\u00bb{}\u00bb][et_pb_column type=\u00bb4_4&#8243; _builder_version=\u00bb4.27.4&#8243; _module_preset=\u00bbdefault\u00bb global_colors_info=\u00bb{}\u00bb][et_pb_text _builder_version=\u00bb4.27.4&#8243; _module_preset=\u00bbdefault\u00bb header_font=\u00bb&#8211;et_global_heading_font|300|||||||\u00bb header_text_align=\u00bbcenter\u00bb header_text_color=\u00bb#FFFFFF\u00bb header_font_size=\u00bb55px\u00bb text_orientation=\u00bbcenter\u00bb custom_margin=\u00bb-43px||1px|||\u00bb header_font_size_tablet=\u00bb45px\u00bb header_font_size_phone=\u00bb40px\u00bb header_font_size_last_edited=\u00bbon|desktop\u00bb header_text_shadow_style=\u00bbpreset3&#8243; global_colors_info=\u00bb{}\u00bb]<\/p>\n<h1 style=\"text-align: center;\">Som una finca familiar d&#8217;horta org\u00e1nica<\/h1>\n<p>[\/et_pb_text][et_pb_text _builder_version=\u00bb4.27.4&#8243; _module_preset=\u00bbdefault\u00bb text_font=\u00bb&#8211;et_global_body_font|300|||||||\u00bb text_text_color=\u00bb#FFFFFF\u00bb text_font_size=\u00bb22px\u00bb text_orientation=\u00bbcenter\u00bb custom_padding=\u00bb|25px||25px|false|false\u00bb text_text_shadow_style=\u00bbpreset3&#8243; global_colors_info=\u00bb{}\u00bb]<\/p>\n<p><span>a partir del que cultivam i venem de forma directa, amb certificaci\u00f3 ecol\u00f2gica.<\/span><\/p>\n<p>[\/et_pb_text][et_pb_button button_url=\u00bbhttps:\/\/www.instagram.com\/shortdebaixorganic_menorca\/\u00bb url_new_window=\u00bbon\u00bb button_text=\u00bbSegueix-nos\u00bb button_alignment=\u00bbcenter\u00bb _builder_version=\u00bb4.27.4&#8243; _module_preset=\u00bbdefault\u00bb custom_button=\u00bbon\u00bb button_text_color=\u00bb#FFFFFF\u00bb button_bg_color=\u00bbrgba(10,10,10,0.25)\u00bb button_border_radius=\u00bb30px\u00bb button_icon=\u00bb&#xe09a;||divi||400&#8243; button_on_hover=\u00bboff\u00bb box_shadow_style=\u00bbpreset1&#8243; box_shadow_blur=\u00bb60px\u00bb box_shadow_color=\u00bbrgba(0,0,0,0.7)\u00bb global_colors_info=\u00bb{}\u00bb button_letter_spacing__hover_enabled=\u00bbon|desktop\u00bb button_letter_spacing__hover=\u00bb3px\u00bb button_bg_color__hover_enabled=\u00bboff|desktop\u00bb button_border_width__hover_enabled=\u00bbon|hover\u00bb button_border_color__hover_enabled=\u00bbon|desktop\u00bb button_border_color__hover=\u00bb#FFFFFF\u00bb][\/et_pb_button][\/et_pb_column][\/et_pb_row][\/et_pb_section][et_pb_section fb_built=\u00bb1&#8243; admin_label=\u00bbVenem\u00bb _builder_version=\u00bb4.27.4&#8243; z_index=\u00bb0&#8243; min_height=\u00bb1127.8px\u00bb custom_margin=\u00bb-4px|||||\u00bb custom_padding=\u00bb2px|0px|0px|0px||\u00bb global_colors_info=\u00bb{}\u00bb][et_pb_row column_structure=\u00bb1_2,1_2&#8243; use_custom_gutter=\u00bbon\u00bb gutter_width=\u00bb1&#8243; make_equal=\u00bbon\u00bb admin_label=\u00bbvenem\u00bb module_class=\u00bb et_pb_row_fullwidth\u00bb _builder_version=\u00bb4.27.4&#8243; use_background_color_gradient=\u00bbon\u00bb background_color_gradient_stops=\u00bb#ffffff 0%|rgba(255,255,255,0) 57%\u00bb background_color_gradient_overlays_image=\u00bbon\u00bb background_image=\u00bbhttps:\/\/shortdebaixorganic.com\/wp-content\/uploads\/2022\/11\/tea_shop_42.jpg\u00bb width=\u00bb100%\u00bb width_tablet=\u00bb100%\u00bb width_phone=\u00bb100%\u00bb width_last_edited=\u00bbon|desktop\u00bb max_width=\u00bb100%\u00bb max_width_tablet=\u00bb100%\u00bb max_width_phone=\u00bb100%\u00bb max_width_last_edited=\u00bbon|desktop\u00bb min_height=\u00bb100px\u00bb custom_margin=\u00bb-3px|auto||auto||\u00bb custom_padding=\u00bb0px|0px|0px|0px||\u00bb border_color_top=\u00bbrgba(178,209,165,0.23)\u00bb make_fullwidth=\u00bbon\u00bb global_colors_info=\u00bb{}\u00bb][et_pb_column type=\u00bb1_2&#8243; _builder_version=\u00bb4.27.4&#8243; background_enable_image=\u00bboff\u00bb custom_padding=\u00bb|||\u00bb global_colors_info=\u00bb{}\u00bb custom_padding__hover=\u00bb|||\u00bb][et_pb_cta title=\u00bbvenem, els productes que cultivam\u00bb button_url=\u00bb#top\u00bb _builder_version=\u00bb4.27.4&#8243; header_font=\u00bb&#8211;et_global_heading_font|300|||||||\u00bb header_text_color=\u00bb#51693D\u00bb header_font_size=\u00bb43px\u00bb header_line_height=\u00bb1.3em\u00bb body_font=\u00bb&#8211;et_global_body_font|500|||||||\u00bb body_text_color=\u00bb#86A56C\u00bb use_background_color=\u00bboff\u00bb custom_button=\u00bbon\u00bb button_text_size=\u00bb16px\u00bb button_text_color=\u00bb#ffffff\u00bb button_bg_color=\u00bb#2f3854&#8243; button_border_width=\u00bb10px\u00bb button_border_color=\u00bbrgba(47,56,84,0)\u00bb button_border_radius=\u00bb60px\u00bb button_letter_spacing=\u00bb1px\u00bb button_font=\u00bbMontserrat|700||on|||||\u00bb button_use_icon=\u00bboff\u00bb button_alignment=\u00bbleft\u00bb text_orientation=\u00bbleft\u00bb background_layout=\u00bblight\u00bb max_width=\u00bb580px\u00bb max_width_tablet=\u00bb\u00bb max_width_phone=\u00bb\u00bb max_width_last_edited=\u00bbon|tablet\u00bb module_alignment=\u00bbcenter\u00bb custom_margin=\u00bb30px|||||\u00bb custom_padding=\u00bb0px|60px|3px|60px||\u00bb header_font_size_tablet=\u00bb43px\u00bb header_font_size_phone=\u00bb33px\u00bb header_font_size_last_edited=\u00bbon|tablet\u00bb button_border_radius_hover=\u00bb66px\u00bb button_letter_spacing_hover=\u00bb1px\u00bb inline_fonts=\u00bbCaveat\u00bb global_colors_info=\u00bb{}\u00bb button_text_size__hover_enabled=\u00bboff\u00bb button_one_text_size__hover_enabled=\u00bboff\u00bb button_two_text_size__hover_enabled=\u00bboff\u00bb button_text_color__hover_enabled=\u00bboff\u00bb button_one_text_color__hover_enabled=\u00bboff\u00bb button_two_text_color__hover_enabled=\u00bboff\u00bb button_border_width__hover_enabled=\u00bboff\u00bb button_one_border_width__hover_enabled=\u00bboff\u00bb button_two_border_width__hover_enabled=\u00bboff\u00bb button_border_color__hover_enabled=\u00bboff\u00bb button_one_border_color__hover_enabled=\u00bboff\u00bb button_two_border_color__hover_enabled=\u00bboff\u00bb button_border_radius__hover_enabled=\u00bbon\u00bb button_border_radius__hover=\u00bb66px\u00bb button_one_border_radius__hover_enabled=\u00bboff\u00bb button_two_border_radius__hover_enabled=\u00bboff\u00bb button_letter_spacing__hover_enabled=\u00bbon\u00bb button_letter_spacing__hover=\u00bb1px\u00bb button_one_letter_spacing__hover_enabled=\u00bboff\u00bb button_two_letter_spacing__hover_enabled=\u00bboff\u00bb button_bg_color__hover_enabled=\u00bboff\u00bb button_one_bg_color__hover_enabled=\u00bboff\u00bb button_two_bg_color__hover_enabled=\u00bboff\u00bb]<\/p>\n<p>tots els dissabtes de l\u2019any al mercat agrari de Ciutadella (de 8.00 a 13.00 hores), a la pla\u00e7a de la Llibertat.<\/p>\n<p>Som dos, en Francesc, m\u00e9s conegut com a Tito, qui en sap a l\u2019hort i na N\u00faria, la que escriu i qui trobareu, sempre al mercat.<\/p>\n<p>El treball \u00e9s compartit i cadasc\u00fa aporta el seu que fer, i saber, al que cultivam\u2026 i a tot el que feim.<\/p>\n<p>Un projecte de vida, de vida compartida.<\/p>\n<p><span style=\"font-family: Caveat; font-weight: normal; font-size: xx-large;\">A partir del que cultivam i del que venem de forma directa, amb certificaci\u00f3 ecol\u00f2gica.<\/span><\/p>\n<p>[\/et_pb_cta][\/et_pb_column][et_pb_column type=\u00bb1_2&#8243; _builder_version=\u00bb4.27.4&#8243; background_image=\u00bbhttps:\/\/shortdebaixorganic.com\/wp-content\/uploads\/2022\/11\/IMG20220903102705-scaled.jpg\u00bb parallax=\u00bbon\u00bb custom_padding=\u00bb||||false|false\u00bb custom_padding_tablet=\u00bb||||false|false\u00bb custom_padding_phone=\u00bb404px||||false|false\u00bb custom_padding_last_edited=\u00bbon|phone\u00bb global_colors_info=\u00bb{}\u00bb custom_padding__hover=\u00bb|||\u00bb][et_pb_divider show_divider=\u00bboff\u00bb _builder_version=\u00bb4.27.4&#8243; background_enable_image=\u00bboff\u00bb background_position=\u00bbcenter_left\u00bb min_height=\u00bb300px\u00bb min_height_tablet=\u00bb643px\u00bb min_height_phone=\u00bb\u00bb min_height_last_edited=\u00bbon|tablet\u00bb height=\u00bb513px\u00bb height_tablet=\u00bb513px\u00bb height_phone=\u00bb\u00bb height_last_edited=\u00bbon|phone\u00bb custom_padding=\u00bb0px||0px|||\u00bb global_colors_info=\u00bb{}\u00bb][\/et_pb_divider][\/et_pb_column][\/et_pb_row][et_pb_row column_structure=\u00bb1_2,1_2&#8243; use_custom_gutter=\u00bbon\u00bb gutter_width=\u00bb1&#8243; make_equal=\u00bbon\u00bb admin_label=\u00bbEn Tito\u00bb module_class=\u00bb et_pb_row_fullwidth\u00bb _builder_version=\u00bb4.27.4&#8243; use_background_color_gradient=\u00bbon\u00bb background_color_gradient_stops=\u00bb#ffffff 0%|rgba(255,255,255,0) 26%\u00bb background_color_gradient_overlays_image=\u00bbon\u00bb background_image=\u00bbhttps:\/\/shortdebaixorganic.com\/wp-content\/uploads\/2022\/11\/tea_shop_42.jpg\u00bb width=\u00bb100%\u00bb width_tablet=\u00bb100%\u00bb width_phone=\u00bb100%\u00bb width_last_edited=\u00bbon|desktop\u00bb max_width=\u00bb100%\u00bb max_width_tablet=\u00bb100%\u00bb max_width_phone=\u00bb100%\u00bb max_width_last_edited=\u00bbon|desktop\u00bb min_height=\u00bb489.6px\u00bb min_height_tablet=\u00bb449.3px\u00bb min_height_phone=\u00bb764.6px\u00bb min_height_last_edited=\u00bbon|phone\u00bb custom_margin=\u00bb1px|auto|-4px|auto|false|false\u00bb custom_padding=\u00bb0px|0px|0px|0px|false|false\u00bb background_last_edited=\u00bbon|phone\u00bb border_color_top=\u00bbrgba(178,209,165,0.23)\u00bb make_fullwidth=\u00bbon\u00bb global_colors_info=\u00bb{}\u00bb][et_pb_column type=\u00bb1_2&#8243; _builder_version=\u00bb4.27.4&#8243; background_image=\u00bbhttps:\/\/shortdebaixorganic.com\/wp-content\/uploads\/2025\/05\/Tito-maduixes-72.jpg\u00bb background_position=\u00bbtop_right\u00bb background_vertical_offset=\u00bb89%\u00bb z_index=\u00bb10&#8243; custom_padding=\u00bb||||false|false\u00bb custom_padding_tablet=\u00bb494px||||false|false\u00bb custom_padding_phone=\u00bb385px||||false|false\u00bb custom_padding_last_edited=\u00bbon|phone\u00bb background_last_edited=\u00bbon|phone\u00bb background_size_phone=\u00bbcover\u00bb background_image_width_tablet=\u00bb129%\u00bb background_image_height_tablet=\u00bb120%\u00bb background_image_height_phone=\u00bb120%\u00bb background_position_phone=\u00bbtop_right\u00bb background_horizontal_offset_phone=\u00bb0%\u00bb global_colors_info=\u00bb{}\u00bb custom_padding__hover=\u00bb|||\u00bb][et_pb_divider show_divider=\u00bboff\u00bb _builder_version=\u00bb4.27.4&#8243; _module_preset=\u00bbdefault\u00bb global_colors_info=\u00bb{}\u00bb][\/et_pb_divider][\/et_pb_column][et_pb_column type=\u00bb1_2&#8243; _builder_version=\u00bb4.27.4&#8243; background_enable_image=\u00bboff\u00bb background_position=\u00bbtop_left\u00bb background_horizontal_offset=\u00bb29%\u00bb custom_padding=\u00bb|||\u00bb global_colors_info=\u00bb{}\u00bb custom_padding__hover=\u00bb|||\u00bb][et_pb_text _builder_version=\u00bb4.27.4&#8243; _module_preset=\u00bbdefault\u00bb text_font=\u00bbCaveat||||||||\u00bb text_font_size=\u00bb45px\u00bb custom_margin=\u00bb36px||10px|46px|false|false\u00bb global_colors_info=\u00bb{}\u00bb]<\/p>\n<p>En Tito<\/p>\n<p>[\/et_pb_text][et_pb_text _builder_version=\u00bb4.27.4&#8243; _module_preset=\u00bbdefault\u00bb custom_margin_tablet=\u00bb\u00bb custom_margin_phone=\u00bb||8px||false|false\u00bb custom_margin_last_edited=\u00bbon|phone\u00bb custom_padding=\u00bb|48px||48px||\u00bb custom_padding_tablet=\u00bb|48px|19px|48px||\u00bb custom_padding_phone=\u00bb||||false|false\u00bb custom_padding_last_edited=\u00bbon|phone\u00bb global_colors_info=\u00bb{}\u00bb]<\/p>\n<h2>qui cultiva la terra<\/h2>\n<p>Pag\u00e8s de tota la vida, va comen\u00e7ar de ben jove la seva relaci\u00f3 amb el camp.<\/p>\n<p>Estiuetjava a les terres que avui s\u00f3n les que cultivam.<\/p>\n<p>Malgrat que l\u2019estima per la terra neix d\u2019aquesta experi\u00e8ncia, fou passant per m\u00faltiples \u201cllocs\u201d arreu de Ciutadella on va apendre l\u2019ofici de manejar la natura\u2026 En un moment del cam\u00ed, despr\u00e9s d\u2019haver-se dedicat, sempre, a la ramaderia tradicional menorquina, ent\u00e9n que el pas a la ramaderia i a l\u2019agricultura ecol\u00f2gica no \u00e9s nom\u00e9s una possibilitat, sin\u00f3 tamb\u00e9 una necessitat i responsabilitat.<\/p>\n<p>D\u2019una traject\u00f2ria de vida al camp, de la seva persona i del que no deixa d\u2019anar aprenent en la seva relaci\u00f3 amb l\u2019agricultura i la vida, en surten els coneixements que, aplicats a l\u2019hort, ens alimenten.<\/p>\n<p>[\/et_pb_text][\/et_pb_column][\/et_pb_row][et_pb_row column_structure=\u00bb1_2,1_2&#8243; use_custom_gutter=\u00bbon\u00bb gutter_width=\u00bb1&#8243; make_equal=\u00bbon\u00bb admin_label=\u00bbEn Tito\u00bb module_class=\u00bb et_pb_row_fullwidth\u00bb _builder_version=\u00bb4.27.4&#8243; use_background_color_gradient=\u00bbon\u00bb background_color_gradient_stops=\u00bb#ffffff 0%|rgba(255,255,255,0) 26%\u00bb background_color_gradient_overlays_image=\u00bbon\u00bb background_image=\u00bbhttps:\/\/shortdebaixorganic.com\/wp-content\/uploads\/2022\/11\/tea_shop_42.jpg\u00bb width=\u00bb100%\u00bb width_tablet=\u00bb100%\u00bb width_phone=\u00bb100%\u00bb width_last_edited=\u00bbon|desktop\u00bb max_width=\u00bb100%\u00bb max_width_tablet=\u00bb100%\u00bb max_width_phone=\u00bb100%\u00bb max_width_last_edited=\u00bbon|desktop\u00bb min_height=\u00bb489.6px\u00bb min_height_tablet=\u00bb449.3px\u00bb min_height_phone=\u00bb764.6px\u00bb min_height_last_edited=\u00bbon|phone\u00bb custom_margin=\u00bb1px|auto||auto|false|false\u00bb custom_padding=\u00bb0px|0px|29px|0px|false|false\u00bb hover_enabled=\u00bb0&#8243; background_last_edited=\u00bbon|phone\u00bb border_color_top=\u00bbrgba(178,209,165,0.23)\u00bb make_fullwidth=\u00bbon\u00bb global_colors_info=\u00bb{}\u00bb sticky_enabled=\u00bb0&#8243;][et_pb_column type=\u00bb1_2&#8243; _builder_version=\u00bb4.27.4&#8243; custom_padding=\u00bb|||\u00bb hover_enabled=\u00bb0&#8243; global_colors_info=\u00bb{}\u00bb custom_padding__hover=\u00bb|||\u00bb title_text=\u00bbNu\u0301ria remolatxes i pastenagues 72&#8243; sticky_enabled=\u00bb0&#8243; background_image=\u00bbhttps:\/\/shortdebaixorganic.com\/wp-content\/uploads\/2025\/05\/Nuria-remolatxes-i-pastenagues-72.jpg\u00bb background_last_edited=\u00bbon|phone\u00bb background_position=\u00bbtop_right\u00bb][et_pb_divider show_divider=\u00bboff\u00bb _builder_version=\u00bb4.27.4&#8243; _module_preset=\u00bbdefault\u00bb global_colors_info=\u00bb{}\u00bb custom_padding=\u00bb||525px|||\u00bb][\/et_pb_divider][\/et_pb_column][et_pb_column type=\u00bb1_2&#8243; _builder_version=\u00bb4.27.4&#8243; background_enable_image=\u00bboff\u00bb background_size=\u00bbcustom\u00bb background_image_width=\u00bb100%\u00bb background_position=\u00bbtop_left\u00bb custom_padding=\u00bb||||false|false\u00bb custom_padding_tablet=\u00bb||||false|false\u00bb custom_padding_phone=\u00bb||||false|false\u00bb custom_padding_last_edited=\u00bbon|phone\u00bb hover_enabled=\u00bb0&#8243; global_colors_info=\u00bb{}\u00bb custom_padding__hover=\u00bb|||\u00bb sticky_enabled=\u00bb0&#8243;][et_pb_text _builder_version=\u00bb4.27.4&#8243; _module_preset=\u00bbdefault\u00bb text_font=\u00bbCaveat||||||||\u00bb text_font_size=\u00bb45px\u00bb custom_margin=\u00bb36px||10px|46px|false|false\u00bb global_colors_info=\u00bb{}\u00bb]<\/p>\n<p>Na N\u00faria<\/p>\n<p>[\/et_pb_text][et_pb_text _builder_version=\u00bb4.27.4&#8243; _module_preset=\u00bbdefault\u00bb custom_padding=\u00bb|48px|16px|48px||\u00bb global_colors_info=\u00bb{}\u00bb]<\/p>\n<h2>qui comparteix i ven el que feim<\/h2>\n<p>Soci\u00f2loga de formaci\u00f3, descobreixo l\u2019amor a la terra, a trav\u00e9s de l\u2019amor que tamb\u00e9 m\u2019uneix a en Tito.Compartir la vida amb un pag\u00e8s, viure en diferents \u201cllocs\u201d per\u00f2 anar a treballar en una oficina es va arribar a fer inc\u00f2mode.<br \/>Fou dif\u00edcil, acceptar que havia de deixar tot all\u00f2 que havia vingut fent fins llavors, i pel que m\u2019havia format, per dedicar-me a cultivar aliments.<br \/>\u00c9s fent fam\u00edlia, tenint el nostre primer fill, que all\u00f2 que semblava una crisi es transforma en una oportunitat\u2026 refer prioritats i acceptar el canvi que el cos ja es sentia.<br \/>Avui, recollir el que cultivam i vendre-vos-ho cada dissabte \u00e9s el que hem d\u00f3na vida, igual que nodrir a la fam\u00edlia amb els aliments que ens d\u00f3na l\u2019hort i compartir aqu\u00ed, i arreu, el que l\u2019hort ens ensenya en el seu que fer.<br \/>\u00c9s des d\u2019aquest sentir, que s\u2019escriu, avui, aquesta finestra del nostre hort, al m\u00f3n.<\/p>\n<p>[\/et_pb_text][\/et_pb_column][\/et_pb_row][\/et_pb_section][et_pb_section fb_built=\u00bb1&#8243; admin_label=\u00bbSubscribe\u00bb _builder_version=\u00bb4.27.4&#8243; use_background_color_gradient=\u00bbon\u00bb background_color_gradient_stops=\u00bb#ffffff 0%|rgba(255,255,255,0) 60%\u00bb background_color_gradient_overlays_image=\u00bbon\u00bb background_color_gradient_start=\u00bb#ffffff\u00bb background_color_gradient_end=\u00bbrgba(255,255,255,0)\u00bb background_color_gradient_end_position=\u00bb30%\u00bb background_image=\u00bbhttps:\/\/shortdebaixorganic.com\/wp-content\/uploads\/2025\/03\/short-de-baix-lletuga-sembrada-02.jpg-scaled.jpg\u00bb custom_margin=\u00bb-30px|||||\u00bb custom_padding=\u00bb22px|0px|0vw|0px||\u00bb animation_style=\u00bbslide\u00bb animation_direction=\u00bbbottom\u00bb animation_duration=\u00bb1250ms\u00bb animation_intensity_slide=\u00bb1%\u00bb saved_tabs=\u00bball\u00bb global_colors_info=\u00bb{}\u00bb][et_pb_row _builder_version=\u00bb4.16&#8243; global_colors_info=\u00bb{}\u00bb][et_pb_column type=\u00bb4_4&#8243; _builder_version=\u00bb4.16&#8243; custom_padding=\u00bb|||\u00bb global_colors_info=\u00bb{}\u00bb custom_padding__hover=\u00bb|||\u00bb][et_pb_text _builder_version=\u00bb4.27.4&#8243; _module_preset=\u00bbdefault\u00bb text_font=\u00bb&#8211;et_global_heading_font||||||||\u00bb text_text_color=\u00bb#51693D\u00bb text_font_size=\u00bb44px\u00bb text_line_height=\u00bb1.1em\u00bb custom_margin=\u00bb||6px|||\u00bb global_colors_info=\u00bb{}\u00bb]<\/p>\n<p class=\"av-special-heading-tag \" itemprop=\"headline\" style=\"text-align: center;\">Posa\u2019t en contacte si\u2026<\/p>\n<p>[\/et_pb_text][et_pb_text _builder_version=\u00bb4.27.4&#8243; text_font=\u00bb&#8211;et_global_body_font|500|||||||\u00bb text_text_color=\u00bb#51693D\u00bb header_font=\u00bb||||||||\u00bb header_2_font=\u00bbYeseva One||||||||\u00bb header_2_font_size=\u00bb50px\u00bb header_2_line_height=\u00bb1.3em\u00bb text_orientation=\u00bbcenter\u00bb max_width=\u00bb700px\u00bb module_alignment=\u00bbcenter\u00bb global_colors_info=\u00bb{}\u00bb]<\/p>\n<p><span style=\"font-size: medium;\">t\u2019interessa l\u2019horta ecol\u00f2gica a Menorca i, en concret, a Ciutadella. Si vols alimentar-te de producte local, fresc, de temporada i org\u00e0nic. Si vols comprar directa als productors. Arriba al mercat\u2026 ens encanta compartir el nostre projecte.<\/span><\/p>\n<p>[\/et_pb_text][\/et_pb_column][\/et_pb_row][et_pb_row column_structure=\u00bb1_4,1_2,1_4&#8243; admin_label=\u00bbFormulari contacte\u00bb _builder_version=\u00bb4.27.4&#8243; min_height=\u00bb352.5px\u00bb global_colors_info=\u00bb{}\u00bb][et_pb_column type=\u00bb1_4&#8243; _builder_version=\u00bb4.16&#8243; custom_padding=\u00bb|||\u00bb global_colors_info=\u00bb{}\u00bb custom_padding__hover=\u00bb|||\u00bb][et_pb_image src=\u00bbhttps:\/\/shortdebaixorganic.com\/wp-content\/uploads\/2025\/03\/Short-de-baix.png\u00bb title_text=\u00bbS&#8217;hort-de-baix\u00bb show_bottom_space=\u00bboff\u00bb _builder_version=\u00bb4.27.4&#8243; _module_preset=\u00bbdefault\u00bb transform_rotate=\u00bb1deg|0deg|0deg\u00bb max_width=\u00bb100%\u00bb max_width_tablet=\u00bb30%\u00bb max_width_phone=\u00bb57%\u00bb max_width_last_edited=\u00bbon|phone\u00bb animation_style=\u00bbroll\u00bb scroll_vertical_motion=\u00bb36|58|58|73|4|0|-4&#8243; scroll_rotating_enable=\u00bbon\u00bb animation_duration_tablet=\u00bb\u00bb animation_duration_phone=\u00bb\u00bb animation_duration_last_edited=\u00bbon|desktop\u00bb global_colors_info=\u00bb{}\u00bb][\/et_pb_image][\/et_pb_column][et_pb_column type=\u00bb1_2&#8243; _builder_version=\u00bb4.16&#8243; custom_padding=\u00bb|||\u00bb global_colors_info=\u00bb{}\u00bb custom_padding__hover=\u00bb|||\u00bb][et_pb_contact_form captcha=\u00bboff\u00bb email=\u00bbirun80@gmail.com\u00bb success_message=\u00bbEl teu missatge a estat enviat amb \u00e8xit!\u00bb _builder_version=\u00bb4.27.4&#8243; _module_preset=\u00bbdefault\u00bb _unique_id=\u00bb66f141b0-741d-43c6-a318-d56d9b5a0840&#8243; form_field_background_color=\u00bbrgba(255,255,255,0.88)\u00bb form_field_text_color=\u00bb#86A56C\u00bb form_field_focus_text_color=\u00bb#51693D\u00bb captcha_font=\u00bb&#8211;et_global_heading_font||||||||\u00bb captcha_text_color=\u00bb#FFFFFF\u00bb captcha_font_size=\u00bb20px\u00bb form_field_font_size=\u00bb15px\u00bb custom_button=\u00bbon\u00bb button_text_color=\u00bb#86A56C\u00bb button_bg_color=\u00bbrgba(255,255,255,0.85)\u00bb button_border_width=\u00bb0px\u00bb button_border_radius=\u00bb44px\u00bb button_letter_spacing=\u00bb2px\u00bb button_font=\u00bb&#8211;et_global_body_font||||||||\u00bb box_shadow_style=\u00bbpreset1&#8243; box_shadow_style_button=\u00bbpreset1&#8243; global_colors_info=\u00bb{}\u00bb button_bg_color__hover_enabled=\u00bbon|hover\u00bb button_bg_color__hover=\u00bb#86A56C\u00bb button_bg_enable_color__hover=\u00bbon\u00bb button_text_color__hover_enabled=\u00bbon|desktop\u00bb button_text_color__hover=\u00bb#FFFFFF\u00bb][et_pb_contact_field field_id=\u00bbName\u00bb field_title=\u00bbNom\u00bb _builder_version=\u00bb4.27.4&#8243; border_radii=\u00bbon|15px|15px|15px|15px\u00bb global_colors_info=\u00bb{}\u00bb button_text_size__hover_enabled=\u00bboff\u00bb button_one_text_size__hover_enabled=\u00bboff\u00bb button_two_text_size__hover_enabled=\u00bboff\u00bb button_text_color__hover_enabled=\u00bboff\u00bb button_one_text_color__hover_enabled=\u00bboff\u00bb button_two_text_color__hover_enabled=\u00bboff\u00bb button_border_width__hover_enabled=\u00bboff\u00bb button_one_border_width__hover_enabled=\u00bboff\u00bb button_two_border_width__hover_enabled=\u00bboff\u00bb button_border_color__hover_enabled=\u00bboff\u00bb button_one_border_color__hover_enabled=\u00bboff\u00bb button_two_border_color__hover_enabled=\u00bboff\u00bb button_border_radius__hover_enabled=\u00bboff\u00bb button_one_border_radius__hover_enabled=\u00bboff\u00bb button_two_border_radius__hover_enabled=\u00bboff\u00bb button_letter_spacing__hover_enabled=\u00bboff\u00bb button_one_letter_spacing__hover_enabled=\u00bboff\u00bb button_two_letter_spacing__hover_enabled=\u00bboff\u00bb button_bg_color__hover_enabled=\u00bboff\u00bb button_one_bg_color__hover_enabled=\u00bboff\u00bb button_two_bg_color__hover_enabled=\u00bboff\u00bb][\/et_pb_contact_field][et_pb_contact_field field_id=\u00bbEmail\u00bb field_title=\u00bbCorreu electr\u00f2nic\u00bb field_type=\u00bbemail\u00bb _builder_version=\u00bb4.27.4&#8243; border_radii=\u00bbon|15px|15px|15px|15px\u00bb global_colors_info=\u00bb{}\u00bb button_text_size__hover_enabled=\u00bboff\u00bb button_one_text_size__hover_enabled=\u00bboff\u00bb button_two_text_size__hover_enabled=\u00bboff\u00bb button_text_color__hover_enabled=\u00bboff\u00bb button_one_text_color__hover_enabled=\u00bboff\u00bb button_two_text_color__hover_enabled=\u00bboff\u00bb button_border_width__hover_enabled=\u00bboff\u00bb button_one_border_width__hover_enabled=\u00bboff\u00bb button_two_border_width__hover_enabled=\u00bboff\u00bb button_border_color__hover_enabled=\u00bboff\u00bb button_one_border_color__hover_enabled=\u00bboff\u00bb button_two_border_color__hover_enabled=\u00bboff\u00bb button_border_radius__hover_enabled=\u00bboff\u00bb button_one_border_radius__hover_enabled=\u00bboff\u00bb button_two_border_radius__hover_enabled=\u00bboff\u00bb button_letter_spacing__hover_enabled=\u00bboff\u00bb button_one_letter_spacing__hover_enabled=\u00bboff\u00bb button_two_letter_spacing__hover_enabled=\u00bboff\u00bb button_bg_color__hover_enabled=\u00bboff\u00bb button_one_bg_color__hover_enabled=\u00bboff\u00bb button_two_bg_color__hover_enabled=\u00bboff\u00bb][\/et_pb_contact_field][et_pb_contact_field field_id=\u00bbMessage\u00bb field_title=\u00bbMissatge\u00bb field_type=\u00bbtext\u00bb fullwidth_field=\u00bbon\u00bb _builder_version=\u00bb4.27.4&#8243; border_radii=\u00bbon|15px|15px|15px|15px\u00bb global_colors_info=\u00bb{}\u00bb button_text_size__hover_enabled=\u00bboff\u00bb button_one_text_size__hover_enabled=\u00bboff\u00bb button_two_text_size__hover_enabled=\u00bboff\u00bb button_text_color__hover_enabled=\u00bboff\u00bb button_one_text_color__hover_enabled=\u00bboff\u00bb button_two_text_color__hover_enabled=\u00bboff\u00bb button_border_width__hover_enabled=\u00bboff\u00bb button_one_border_width__hover_enabled=\u00bboff\u00bb button_two_border_width__hover_enabled=\u00bboff\u00bb button_border_color__hover_enabled=\u00bboff\u00bb button_one_border_color__hover_enabled=\u00bboff\u00bb button_two_border_color__hover_enabled=\u00bboff\u00bb button_border_radius__hover_enabled=\u00bboff\u00bb button_one_border_radius__hover_enabled=\u00bboff\u00bb button_two_border_radius__hover_enabled=\u00bboff\u00bb button_letter_spacing__hover_enabled=\u00bboff\u00bb button_one_letter_spacing__hover_enabled=\u00bboff\u00bb button_two_letter_spacing__hover_enabled=\u00bboff\u00bb button_bg_color__hover_enabled=\u00bboff\u00bb button_one_bg_color__hover_enabled=\u00bboff\u00bb button_two_bg_color__hover_enabled=\u00bboff\u00bb][\/et_pb_contact_field][\/et_pb_contact_form][\/et_pb_column][et_pb_column type=\u00bb1_4&#8243; _builder_version=\u00bb4.16&#8243; custom_padding=\u00bb|||\u00bb global_colors_info=\u00bb{}\u00bb custom_padding__hover=\u00bb|||\u00bb][et_pb_text _builder_version=\u00bb4.27.4&#8243; _module_preset=\u00bbdefault\u00bb text_text_shadow_style=\u00bbpreset2&#8243; text_text_shadow_blur_strength=\u00bb0.2em\u00bb global_colors_info=\u00bb{}\u00bb]<\/p>\n<h3><span style=\"font-size: xx-large; color: #ffffff;\">Troban&#8217;s<\/span><\/h3>\n<p><span style=\"color: #ffffff;\">Tots els dissabtes de l&#8217;any de 8:30 a 13:30 h. al Mercat Agrari de Ciutadella.<\/span><\/p>\n<p><span style=\"color: #ffffff;\">Pla\u00e7a de la llibertat, 1 \u00b7 9.<br \/>07760 Ciutadella. Menorca.<br \/>Illes Balears.<\/span><\/p>\n<p>[\/et_pb_text][\/et_pb_column][\/et_pb_row][\/et_pb_section]<\/p>\n","protected":false},"excerpt":{"rendered":"<p>Som una finca familiar d&#8217;horta org\u00e1nicaa partir del que cultivam i venem de forma directa, amb certificaci\u00f3 ecol\u00f2gica.tots els dissabtes de l\u2019any al mercat agrari de Ciutadella (de 8.00 a 13.00 hores), a la pla\u00e7a de la Llibertat. Som dos, en Francesc, m\u00e9s conegut com a Tito, qui en sap a l\u2019hort i na N\u00faria, [&hellip;]<\/p>\n","protected":false},"author":1,"featured_media":0,"parent":0,"menu_order":0,"comment_status":"closed","ping_status":"closed","template":"","meta":{"_et_pb_use_builder":"on","_et_pb_old_content":"","_et_gb_content_width":"","inline_featured_image":false,"footnotes":""},"class_list":["post-1166","page","type-page","status-publish","hentry"],"yoast_head":"<!-- This site is optimized with the Yoast SEO plugin v26.9 - https:\/\/yoast.com\/product\/yoast-seo-wordpress\/ -->\n<title>Nosaltres - S&#039;hort de baix org&agrave;nic<\/title>\n<meta name=\"robots\" content=\"index, follow, max-snippet:-1, max-image-preview:large, max-video-preview:-1\" \/>\n<link rel=\"canonical\" href=\"https:\/\/shortdebaixorganic.com\/index.php\/nosaltres\/\" \/>\n<meta property=\"og:locale\" content=\"es_ES\" \/>\n<meta property=\"og:type\" content=\"article\" \/>\n<meta property=\"og:title\" content=\"Nosaltres - S&#039;hort de baix org&agrave;nic\" \/>\n<meta property=\"og:description\" content=\"Som una finca familiar d&#039;horta org\u00e1nicaa partir del que cultivam i venem de forma directa, amb certificaci\u00f3 ecol\u00f2gica.tots els dissabtes de l\u2019any al mercat agrari de Ciutadella (de 8.00 a 13.00 hores), a la pla\u00e7a de la Llibertat. Som dos, en Francesc, m\u00e9s conegut com a Tito, qui en sap a l\u2019hort i na N\u00faria, [&hellip;]\" \/>\n<meta property=\"og:url\" content=\"https:\/\/shortdebaixorganic.com\/index.php\/nosaltres\/\" \/>\n<meta property=\"og:site_name\" content=\"S&#039;hort de baix org&agrave;nic\" \/>\n<meta property=\"article:modified_time\" content=\"2025-05-04T17:36:00+00:00\" \/>\n<meta name=\"twitter:card\" content=\"summary_large_image\" \/>\n<meta name=\"twitter:label1\" content=\"Tiempo de lectura\" \/>\n\t<meta name=\"twitter:data1\" content=\"3 minutos\" \/>\n<script type=\"application\/ld+json\" class=\"yoast-schema-graph\">{\"@context\":\"https:\/\/schema.org\",\"@graph\":[{\"@type\":\"WebPage\",\"@id\":\"https:\/\/shortdebaixorganic.com\/index.php\/nosaltres\/\",\"url\":\"https:\/\/shortdebaixorganic.com\/index.php\/nosaltres\/\",\"name\":\"Nosaltres - S'hort de baix org&agrave;nic\",\"isPartOf\":{\"@id\":\"https:\/\/shortdebaixorganic.com\/#website\"},\"datePublished\":\"2025-05-02T19:02:59+00:00\",\"dateModified\":\"2025-05-04T17:36:00+00:00\",\"breadcrumb\":{\"@id\":\"https:\/\/shortdebaixorganic.com\/index.php\/nosaltres\/#breadcrumb\"},\"inLanguage\":\"es\",\"potentialAction\":[{\"@type\":\"ReadAction\",\"target\":[\"https:\/\/shortdebaixorganic.com\/index.php\/nosaltres\/\"]}]},{\"@type\":\"BreadcrumbList\",\"@id\":\"https:\/\/shortdebaixorganic.com\/index.php\/nosaltres\/#breadcrumb\",\"itemListElement\":[{\"@type\":\"ListItem\",\"position\":1,\"name\":\"Portada\",\"item\":\"https:\/\/shortdebaixorganic.com\/\"},{\"@type\":\"ListItem\",\"position\":2,\"name\":\"Nosaltres\"}]},{\"@type\":\"WebSite\",\"@id\":\"https:\/\/shortdebaixorganic.com\/#website\",\"url\":\"https:\/\/shortdebaixorganic.com\/\",\"name\":\"Shortdebaixorganic\",\"description\":\"Agricultura ecol&ograve;gica. Ciutadella. Menorca\",\"publisher\":{\"@id\":\"https:\/\/shortdebaixorganic.com\/#organization\"},\"potentialAction\":[{\"@type\":\"SearchAction\",\"target\":{\"@type\":\"EntryPoint\",\"urlTemplate\":\"https:\/\/shortdebaixorganic.com\/?s={search_term_string}\"},\"query-input\":{\"@type\":\"PropertyValueSpecification\",\"valueRequired\":true,\"valueName\":\"search_term_string\"}}],\"inLanguage\":\"es\"},{\"@type\":\"Organization\",\"@id\":\"https:\/\/shortdebaixorganic.com\/#organization\",\"name\":\"Shortdebaixorganic\",\"url\":\"https:\/\/shortdebaixorganic.com\/\",\"logo\":{\"@type\":\"ImageObject\",\"inLanguage\":\"es\",\"@id\":\"https:\/\/shortdebaixorganic.com\/#\/schema\/logo\/image\/\",\"url\":\"https:\/\/shortdebaixorganic.com\/wp-content\/uploads\/2021\/07\/Logo-SHORTDEBAIXORGANIC-525x250-1.png\",\"contentUrl\":\"https:\/\/shortdebaixorganic.com\/wp-content\/uploads\/2021\/07\/Logo-SHORTDEBAIXORGANIC-525x250-1.png\",\"width\":582,\"height\":250,\"caption\":\"Shortdebaixorganic\"},\"image\":{\"@id\":\"https:\/\/shortdebaixorganic.com\/#\/schema\/logo\/image\/\"},\"sameAs\":[\"https:\/\/www.instagram.com\/shortdebaixorganic_menorca\/\"]}]}<\/script>\n<!-- \/ Yoast SEO plugin. -->","yoast_head_json":{"title":"Nosaltres - S'hort de baix org&agrave;nic","robots":{"index":"index","follow":"follow","max-snippet":"max-snippet:-1","max-image-preview":"max-image-preview:large","max-video-preview":"max-video-preview:-1"},"canonical":"https:\/\/shortdebaixorganic.com\/index.php\/nosaltres\/","og_locale":"es_ES","og_type":"article","og_title":"Nosaltres - S'hort de baix org&agrave;nic","og_description":"Som una finca familiar d'horta org\u00e1nicaa partir del que cultivam i venem de forma directa, amb certificaci\u00f3 ecol\u00f2gica.tots els dissabtes de l\u2019any al mercat agrari de Ciutadella (de 8.00 a 13.00 hores), a la pla\u00e7a de la Llibertat. Som dos, en Francesc, m\u00e9s conegut com a Tito, qui en sap a l\u2019hort i na N\u00faria, [&hellip;]","og_url":"https:\/\/shortdebaixorganic.com\/index.php\/nosaltres\/","og_site_name":"S'hort de baix org&agrave;nic","article_modified_time":"2025-05-04T17:36:00+00:00","twitter_card":"summary_large_image","twitter_misc":{"Tiempo de lectura":"3 minutos"},"schema":{"@context":"https:\/\/schema.org","@graph":[{"@type":"WebPage","@id":"https:\/\/shortdebaixorganic.com\/index.php\/nosaltres\/","url":"https:\/\/shortdebaixorganic.com\/index.php\/nosaltres\/","name":"Nosaltres - S'hort de baix org&agrave;nic","isPartOf":{"@id":"https:\/\/shortdebaixorganic.com\/#website"},"datePublished":"2025-05-02T19:02:59+00:00","dateModified":"2025-05-04T17:36:00+00:00","breadcrumb":{"@id":"https:\/\/shortdebaixorganic.com\/index.php\/nosaltres\/#breadcrumb"},"inLanguage":"es","potentialAction":[{"@type":"ReadAction","target":["https:\/\/shortdebaixorganic.com\/index.php\/nosaltres\/"]}]},{"@type":"BreadcrumbList","@id":"https:\/\/shortdebaixorganic.com\/index.php\/nosaltres\/#breadcrumb","itemListElement":[{"@type":"ListItem","position":1,"name":"Portada","item":"https:\/\/shortdebaixorganic.com\/"},{"@type":"ListItem","position":2,"name":"Nosaltres"}]},{"@type":"WebSite","@id":"https:\/\/shortdebaixorganic.com\/#website","url":"https:\/\/shortdebaixorganic.com\/","name":"Shortdebaixorganic","description":"Agricultura ecol&ograve;gica. Ciutadella. Menorca","publisher":{"@id":"https:\/\/shortdebaixorganic.com\/#organization"},"potentialAction":[{"@type":"SearchAction","target":{"@type":"EntryPoint","urlTemplate":"https:\/\/shortdebaixorganic.com\/?s={search_term_string}"},"query-input":{"@type":"PropertyValueSpecification","valueRequired":true,"valueName":"search_term_string"}}],"inLanguage":"es"},{"@type":"Organization","@id":"https:\/\/shortdebaixorganic.com\/#organization","name":"Shortdebaixorganic","url":"https:\/\/shortdebaixorganic.com\/","logo":{"@type":"ImageObject","inLanguage":"es","@id":"https:\/\/shortdebaixorganic.com\/#\/schema\/logo\/image\/","url":"https:\/\/shortdebaixorganic.com\/wp-content\/uploads\/2021\/07\/Logo-SHORTDEBAIXORGANIC-525x250-1.png","contentUrl":"https:\/\/shortdebaixorganic.com\/wp-content\/uploads\/2021\/07\/Logo-SHORTDEBAIXORGANIC-525x250-1.png","width":582,"height":250,"caption":"Shortdebaixorganic"},"image":{"@id":"https:\/\/shortdebaixorganic.com\/#\/schema\/logo\/image\/"},"sameAs":["https:\/\/www.instagram.com\/shortdebaixorganic_menorca\/"]}]}},"_links":{"self":[{"href":"https:\/\/shortdebaixorganic.com\/index.php\/wp-json\/wp\/v2\/pages\/1166","targetHints":{"allow":["GET"]}}],"collection":[{"href":"https:\/\/shortdebaixorganic.com\/index.php\/wp-json\/wp\/v2\/pages"}],"about":[{"href":"https:\/\/shortdebaixorganic.com\/index.php\/wp-json\/wp\/v2\/types\/page"}],"author":[{"embeddable":true,"href":"https:\/\/shortdebaixorganic.com\/index.php\/wp-json\/wp\/v2\/users\/1"}],"replies":[{"embeddable":true,"href":"https:\/\/shortdebaixorganic.com\/index.php\/wp-json\/wp\/v2\/comments?post=1166"}],"version-history":[{"count":17,"href":"https:\/\/shortdebaixorganic.com\/index.php\/wp-json\/wp\/v2\/pages\/1166\/revisions"}],"predecessor-version":[{"id":1257,"href":"https:\/\/shortdebaixorganic.com\/index.php\/wp-json\/wp\/v2\/pages\/1166\/revisions\/1257"}],"wp:attachment":[{"href":"https:\/\/shortdebaixorganic.com\/index.php\/wp-json\/wp\/v2\/media?parent=1166"}],"curies":[{"name":"wp","href":"https:\/\/api.w.org\/{rel}","templated":true}]}}