{"id":1190,"date":"2025-05-02T20:57:44","date_gmt":"2025-05-02T18:57:44","guid":{"rendered":"https:\/\/shortdebaixorganic.com\/?page_id=1190"},"modified":"2025-05-04T19:40:39","modified_gmt":"2025-05-04T17:40:39","slug":"serveis","status":"publish","type":"page","link":"https:\/\/shortdebaixorganic.com\/index.php\/serveis\/","title":{"rendered":"Serveis"},"content":{"rendered":"<p>[et_pb_section fb_built=\u00bb1&#8243; custom_padding_last_edited=\u00bbon|phone\u00bb _builder_version=\u00bb4.27.4&#8243; _module_preset=\u00bbdefault\u00bb background_image=\u00bbhttps:\/\/shortdebaixorganic.com\/wp-content\/uploads\/2025\/05\/DSF0458-scaled.jpg\u00bb parallax=\u00bbon\u00bb background_enable_video_mp4=\u00bboff\u00bb transform_scale_tablet=\u00bb\u00bb transform_scale_phone=\u00bb\u00bb transform_scale_last_edited=\u00bbon|phone\u00bb transform_translate_tablet=\u00bb\u00bb transform_translate_phone=\u00bb0px|-100px\u00bb transform_translate_last_edited=\u00bbon|phone\u00bb transform_translate_linked_phone=\u00bboff\u00bb transform_rotate_tablet=\u00bb\u00bb transform_rotate_phone=\u00bb\u00bb transform_rotate_last_edited=\u00bbon|phone\u00bb transform_skew_tablet=\u00bb\u00bb transform_skew_phone=\u00bb\u00bb transform_skew_last_edited=\u00bbon|phone\u00bb transform_origin_tablet=\u00bb\u00bb transform_origin_phone=\u00bb\u00bb transform_origin_last_edited=\u00bbon|phone\u00bb transform_styles_last_edited=\u00bbon|phone\u00bb min_height=\u00bb795.9px\u00bb min_height_tablet=\u00bb800px\u00bb min_height_phone=\u00bb600px\u00bb min_height_last_edited=\u00bbon|phone\u00bb height_tablet=\u00bb\u00bb height_phone=\u00bb\u00bb height_last_edited=\u00bbon|desktop\u00bb custom_margin=\u00bb||||false|false\u00bb custom_margin_last_edited=\u00bboff|phone\u00bb custom_padding=\u00bb||0px||false|false\u00bb custom_padding_tablet=\u00bb||||false|false\u00bb custom_padding_phone=\u00bb||||false|false\u00bb scroll_vertical_motion_enable=\u00bboff\u00bb background_last_edited=\u00bbon|phone\u00bb parallax_phone=\u00bbon\u00bb background_size_phone=\u00bbcustom\u00bb background_image_width_phone=\u00bb0%\u00bb background_image_height_phone=\u00bb87%\u00bb background_position_phone=\u00bbcenter\u00bb transform_styles_tablet=\u00bb\u00bb transform_styles_phone=\u00bb\u00bb global_colors_info=\u00bb{}\u00bb][et_pb_row _builder_version=\u00bb4.27.4&#8243; _module_preset=\u00bbdefault\u00bb global_colors_info=\u00bb{}\u00bb][et_pb_column type=\u00bb4_4&#8243; _builder_version=\u00bb4.27.4&#8243; _module_preset=\u00bbdefault\u00bb global_colors_info=\u00bb{}\u00bb][et_pb_text _builder_version=\u00bb4.27.4&#8243; _module_preset=\u00bbdefault\u00bb text_text_color=\u00bb#FFFFFF\u00bb text_font_size=\u00bb30px\u00bb text_orientation=\u00bbcenter\u00bb width_tablet=\u00bb\u00bb width_phone=\u00bb\u00bb width_last_edited=\u00bbon|phone\u00bb custom_margin_tablet=\u00bb-40px||||false|false\u00bb custom_margin_phone=\u00bb240px||||false|false\u00bb custom_margin_last_edited=\u00bbon|tablet\u00bb text_font_size_tablet=\u00bb30px\u00bb text_font_size_phone=\u00bb25px\u00bb text_font_size_last_edited=\u00bbon|phone\u00bb global_colors_info=\u00bb{}\u00bb]<\/p>\n<p style=\"text-align: center;\">El que et podem oferir<\/p>\n<p>[\/et_pb_text][et_pb_heading title=\u00bbVerdura ecol\u00f2gica i productes de Menorca\u00bb _builder_version=\u00bb4.27.4&#8243; _module_preset=\u00bbdefault\u00bb title_text_align=\u00bbcenter\u00bb title_text_color=\u00bb#FFFFFF\u00bb title_font_size=\u00bb45px\u00bb custom_margin=\u00bb-27px||||false|false\u00bb custom_margin_tablet=\u00bb-27px||||false|false\u00bb custom_margin_phone=\u00bb-27px||||false|false\u00bb custom_margin_last_edited=\u00bbon|phone\u00bb title_font_size_tablet=\u00bb45px\u00bb title_font_size_phone=\u00bb40px\u00bb title_font_size_last_edited=\u00bbon|phone\u00bb global_colors_info=\u00bb{}\u00bb][\/et_pb_heading][\/et_pb_column][\/et_pb_row][\/et_pb_section][et_pb_section fb_built=\u00bb1&#8243; admin_label=\u00bbVenem\u00bb _builder_version=\u00bb4.27.4&#8243; background_image=\u00bbhttps:\/\/shortdebaixorganic.com\/wp-content\/uploads\/2022\/11\/tea_shop_42.jpg\u00bb custom_margin=\u00bb-4px|||||\u00bb custom_padding=\u00bb0px|0px|0px|0px||\u00bb global_colors_info=\u00bb{}\u00bb][et_pb_row column_structure=\u00bb1_2,1_2&#8243; use_custom_gutter=\u00bbon\u00bb gutter_width=\u00bb1&#8243; make_equal=\u00bbon\u00bb admin_label=\u00bbEn Tito\u00bb module_class=\u00bb et_pb_row_fullwidth\u00bb _builder_version=\u00bb4.27.4&#8243; background_enable_image=\u00bboff\u00bb width=\u00bb100%\u00bb width_tablet=\u00bb100%\u00bb width_phone=\u00bb100%\u00bb width_last_edited=\u00bbon|desktop\u00bb max_width=\u00bb100%\u00bb max_width_tablet=\u00bb100%\u00bb max_width_phone=\u00bb100%\u00bb max_width_last_edited=\u00bbon|desktop\u00bb min_height=\u00bb494.6px\u00bb min_height_tablet=\u00bb449.3px\u00bb min_height_phone=\u00bb764.6px\u00bb min_height_last_edited=\u00bbon|phone\u00bb custom_margin=\u00bb1px|auto||auto|false|false\u00bb custom_padding=\u00bb0px|0px|0px|0px|false|false\u00bb background_last_edited=\u00bboff|phone\u00bb border_color_top=\u00bbrgba(178,209,165,0.23)\u00bb make_fullwidth=\u00bbon\u00bb global_colors_info=\u00bb{}\u00bb][et_pb_column type=\u00bb1_2&#8243; _builder_version=\u00bb4.27.4&#8243; use_background_color_gradient=\u00bbon\u00bb background_color_gradient_direction=\u00bb173deg\u00bb background_color_gradient_stops=\u00bb#ffffff 0%|rgba(255,255,255,0) 100%\u00bb custom_padding=\u00bb||||false|false\u00bb custom_padding_tablet=\u00bb||42px||false|false\u00bb custom_padding_phone=\u00bb||||false|false\u00bb custom_padding_last_edited=\u00bbon|phone\u00bb background_last_edited=\u00bbon|phone\u00bb global_colors_info=\u00bb{}\u00bb custom_padding__hover=\u00bb|||\u00bb][et_pb_text _builder_version=\u00bb4.27.4&#8243; _module_preset=\u00bbdefault\u00bb text_font=\u00bbCaveat||||||||\u00bb text_font_size=\u00bb55px\u00bb text_letter_spacing=\u00bb-2px\u00bb custom_margin=\u00bb58px||19px|46px|false|false\u00bb custom_margin_tablet=\u00bb47px||||false|false\u00bb custom_margin_phone=\u00bb-70px||||false|false\u00bb custom_margin_last_edited=\u00bbon|phone\u00bb custom_padding=\u00bb||3px||false|false\u00bb text_text_color_tablet=\u00bb\u00bb text_text_color_phone=\u00bb\u00bb text_text_color_last_edited=\u00bbon|phone\u00bb text_letter_spacing_tablet=\u00bb-2px\u00bb text_letter_spacing_phone=\u00bb-1px\u00bb text_letter_spacing_last_edited=\u00bbon|phone\u00bb text_line_height_tablet=\u00bb\u00bb text_line_height_phone=\u00bb0.7em\u00bb text_line_height_last_edited=\u00bbon|phone\u00bb global_colors_info=\u00bb{}\u00bb]<\/p>\n<p>Som productors, de verdura<\/p>\n<p>[\/et_pb_text][et_pb_text _builder_version=\u00bb4.27.4&#8243; _module_preset=\u00bbdefault\u00bb min_height=\u00bb474.4px\u00bb custom_margin=\u00bb||||false|false\u00bb custom_margin_tablet=\u00bb||-95px||false|false\u00bb custom_margin_phone=\u00bb||-35px||false|false\u00bb custom_margin_last_edited=\u00bbon|phone\u00bb custom_padding=\u00bb3px|48px|18px|48px||\u00bb custom_padding_tablet=\u00bb||||false|false\u00bb custom_padding_phone=\u00bb||||false|false\u00bb custom_padding_last_edited=\u00bbon|tablet\u00bb global_colors_info=\u00bb{}\u00bb]<\/p>\n<p>El nostre \u00fanic punt de venda directa \u00e9s al mercat agrari de Ciutadella. Tots els dissabtes de l\u2019any i alguns dimecres, a l\u2019estiu.<\/p>\n<p>Disposam d\u2019un mailing a trav\u00e9s del qual es pot rebre, setmanalment, la relaci\u00f3 de productes que confiam recollir pel mercat i poder reservar la seva compra.<\/p>\n<p>Si li interessa, envi\u00efns un mail!<\/p>\n<p>TOT el que al mercat oferim \u00e9s sempre de l\u2019illa, fresc i ecol\u00f2gic certificat o en conversi\u00f3 (en transici\u00f3 de finca convencional a ecol\u00f2gica i supervisada pel Consell Regulador d\u2019Agricultura Ecol\u00f2gica de les Illes Baleras).<\/p>\n<p>La verdura majorit\u00e0riament \u00e9s nostra; malgrat que tamb\u00e9 ens organitzam la producci\u00f3 amb Parella Vella, tamb\u00e9 de Ciutadella, per a poder diversificar la varietat de verdures a disposar.<\/p>\n<p>Tamb\u00e9 hi podreu trobar fruita de Biobarranc, de Cala\u2019n Porter, Alaior, des Mol\u00ed de Baix, Barranc d\u2019Algendar, Ferreries i de Son Tr\u00e9mol, es Migjorn (aquests darrers, encara en proc\u00e9s de conversi\u00f3).<\/p>\n<p>[\/et_pb_text][\/et_pb_column][et_pb_column type=\u00bb1_2&#8243; _builder_version=\u00bb4.27.4&#8243; background_image=\u00bbhttps:\/\/shortdebaixorganic.com\/wp-content\/uploads\/2025\/05\/Tito-agafant-maduixes-72dpp.jpg\u00bb background_position=\u00bbtop_left\u00bb background_horizontal_offset=\u00bb29%\u00bb custom_padding=\u00bb|||\u00bb custom_padding_tablet=\u00bb615px||||false|false\u00bb custom_padding_phone=\u00bb500px||||false|false\u00bb custom_padding_last_edited=\u00bbon|phone\u00bb background_last_edited=\u00bbon|phone\u00bb background_position_phone=\u00bbtop_left\u00bb background_horizontal_offset_phone=\u00bb35%\u00bb global_colors_info=\u00bb{}\u00bb custom_padding__hover=\u00bb|||\u00bb][et_pb_divider _builder_version=\u00bb4.27.4&#8243; _module_preset=\u00bbdefault\u00bb show_divider=\u00bboff\u00bb hover_enabled=\u00bb0&#8243; sticky_enabled=\u00bb0&#8243;][\/et_pb_divider][\/et_pb_column][\/et_pb_row][\/et_pb_section][et_pb_section fb_built=\u00bb1&#8243; admin_label=\u00bbSubscribe\u00bb _builder_version=\u00bb4.27.4&#8243; use_background_color_gradient=\u00bbon\u00bb background_color_gradient_stops=\u00bb#ffffff 0%|rgba(255,255,255,0) 60%\u00bb background_color_gradient_overlays_image=\u00bbon\u00bb background_color_gradient_start=\u00bb#ffffff\u00bb background_color_gradient_end=\u00bbrgba(255,255,255,0)\u00bb background_color_gradient_end_position=\u00bb30%\u00bb background_image=\u00bbhttps:\/\/shortdebaixorganic.com\/wp-content\/uploads\/2025\/03\/short-de-baix-lletuga-sembrada-02.jpg-scaled.jpg\u00bb custom_margin=\u00bb||||false|false\u00bb custom_padding=\u00bb22px|0px|0vw|0px||\u00bb animation_style=\u00bbslide\u00bb animation_direction=\u00bbbottom\u00bb animation_duration=\u00bb1250ms\u00bb animation_intensity_slide=\u00bb1%\u00bb hover_enabled=\u00bb0&#8243; saved_tabs=\u00bball\u00bb global_colors_info=\u00bb{}\u00bb background_last_edited=\u00bbon|phone\u00bb sticky_enabled=\u00bb0&#8243; background_position_tablet=\u00bbtop_left\u00bb background_position_phone=\u00bbtop_left\u00bb][et_pb_row use_custom_gutter=\u00bbon\u00bb _builder_version=\u00bb4.27.4&#8243; custom_margin=\u00bb||||false|false\u00bb custom_margin_tablet=\u00bb-20px||||false|false\u00bb custom_margin_phone=\u00bb-20px||||false|false\u00bb custom_margin_last_edited=\u00bbon|desktop\u00bb global_colors_info=\u00bb{}\u00bb][et_pb_column type=\u00bb4_4&#8243; _builder_version=\u00bb4.27.4&#8243; custom_padding=\u00bb|||\u00bb global_colors_info=\u00bb{}\u00bb custom_padding__hover=\u00bb|||\u00bb][et_pb_text _builder_version=\u00bb4.27.4&#8243; _module_preset=\u00bbdefault\u00bb text_font=\u00bb&#8211;et_global_heading_font||||||||\u00bb text_text_color=\u00bb#51693D\u00bb text_font_size=\u00bb44px\u00bb text_line_height=\u00bb1.1em\u00bb custom_margin=\u00bb||6px|||\u00bb global_colors_info=\u00bb{}\u00bb]<\/p>\n<p class=\"av-special-heading-tag \" itemprop=\"headline\" style=\"text-align: center;\">Posa\u2019t en contacte si\u2026<\/p>\n<p>[\/et_pb_text][et_pb_text _builder_version=\u00bb4.27.4&#8243; text_font=\u00bb&#8211;et_global_body_font|500|||||||\u00bb text_text_color=\u00bb#51693D\u00bb header_font=\u00bb||||||||\u00bb header_2_font=\u00bbYeseva One||||||||\u00bb header_2_font_size=\u00bb50px\u00bb header_2_line_height=\u00bb1.3em\u00bb text_orientation=\u00bbcenter\u00bb max_width=\u00bb700px\u00bb module_alignment=\u00bbcenter\u00bb global_colors_info=\u00bb{}\u00bb]<\/p>\n<p><span style=\"font-size: medium;\">t\u2019interessa l\u2019horta ecol\u00f2gica a Menorca i, en concret, a Ciutadella. Si vols alimentar-te de producte local, fresc, de temporada i org\u00e0nic. Si vols comprar directa als productors. Arriba al mercat\u2026 ens encanta compartir el nostre projecte.<\/span><\/p>\n<p>[\/et_pb_text][\/et_pb_column][\/et_pb_row][et_pb_row column_structure=\u00bb1_4,1_2,1_4&#8243; admin_label=\u00bbFormulari contacte\u00bb _builder_version=\u00bb4.27.4&#8243; min_height=\u00bb352.5px\u00bb min_height_tablet=\u00bb352.5px\u00bb min_height_phone=\u00bb352.5px\u00bb min_height_last_edited=\u00bbon|phone\u00bb global_colors_info=\u00bb{}\u00bb][et_pb_column type=\u00bb1_4&#8243; _builder_version=\u00bb4.16&#8243; custom_padding=\u00bb|||\u00bb global_colors_info=\u00bb{}\u00bb custom_padding__hover=\u00bb|||\u00bb][et_pb_image src=\u00bbhttps:\/\/shortdebaixorganic.com\/wp-content\/uploads\/2025\/03\/Short-de-baix.png\u00bb title_text=\u00bbS&#8217;hort-de-baix\u00bb show_bottom_space=\u00bboff\u00bb _builder_version=\u00bb4.27.4&#8243; _module_preset=\u00bbdefault\u00bb transform_rotate=\u00bb1deg|0deg|0deg\u00bb max_width=\u00bb100%\u00bb max_width_tablet=\u00bb30%\u00bb max_width_phone=\u00bb57%\u00bb max_width_last_edited=\u00bbon|phone\u00bb animation_style=\u00bbroll\u00bb scroll_vertical_motion=\u00bb36|58|58|73|4|0|-4&#8243; scroll_rotating_enable=\u00bbon\u00bb animation_duration_tablet=\u00bb\u00bb animation_duration_phone=\u00bb\u00bb animation_duration_last_edited=\u00bbon|desktop\u00bb global_colors_info=\u00bb{}\u00bb][\/et_pb_image][\/et_pb_column][et_pb_column type=\u00bb1_2&#8243; _builder_version=\u00bb4.16&#8243; custom_padding=\u00bb|||\u00bb global_colors_info=\u00bb{}\u00bb custom_padding__hover=\u00bb|||\u00bb][et_pb_contact_form captcha=\u00bboff\u00bb email=\u00bbirun80@gmail.com\u00bb success_message=\u00bbEl teu missatge a estat enviat amb \u00e8xit!\u00bb _builder_version=\u00bb4.27.4&#8243; _module_preset=\u00bbdefault\u00bb _unique_id=\u00bb66f141b0-741d-43c6-a318-d56d9b5a0840&#8243; form_field_background_color=\u00bbrgba(255,255,255,0.88)\u00bb form_field_text_color=\u00bb#86A56C\u00bb form_field_focus_text_color=\u00bb#51693D\u00bb captcha_font=\u00bb&#8211;et_global_heading_font||||||||\u00bb captcha_text_color=\u00bb#FFFFFF\u00bb captcha_font_size=\u00bb20px\u00bb form_field_font_size=\u00bb15px\u00bb custom_button=\u00bbon\u00bb button_text_color=\u00bb#86A56C\u00bb button_bg_color=\u00bbrgba(255,255,255,0.85)\u00bb button_border_width=\u00bb0px\u00bb button_border_radius=\u00bb44px\u00bb button_letter_spacing=\u00bb2px\u00bb button_font=\u00bb&#8211;et_global_body_font||||||||\u00bb box_shadow_style=\u00bbpreset1&#8243; box_shadow_style_button=\u00bbpreset1&#8243; global_colors_info=\u00bb{}\u00bb button_bg_color__hover_enabled=\u00bbon|hover\u00bb button_bg_color__hover=\u00bb#86A56C\u00bb button_bg_enable_color__hover=\u00bbon\u00bb button_text_color__hover_enabled=\u00bbon|desktop\u00bb button_text_color__hover=\u00bb#FFFFFF\u00bb][et_pb_contact_field field_id=\u00bbName\u00bb field_title=\u00bbNom\u00bb _builder_version=\u00bb4.27.4&#8243; border_radii=\u00bbon|15px|15px|15px|15px\u00bb global_colors_info=\u00bb{}\u00bb button_text_size__hover_enabled=\u00bboff\u00bb button_one_text_size__hover_enabled=\u00bboff\u00bb button_two_text_size__hover_enabled=\u00bboff\u00bb button_text_color__hover_enabled=\u00bboff\u00bb button_one_text_color__hover_enabled=\u00bboff\u00bb button_two_text_color__hover_enabled=\u00bboff\u00bb button_border_width__hover_enabled=\u00bboff\u00bb button_one_border_width__hover_enabled=\u00bboff\u00bb button_two_border_width__hover_enabled=\u00bboff\u00bb button_border_color__hover_enabled=\u00bboff\u00bb button_one_border_color__hover_enabled=\u00bboff\u00bb button_two_border_color__hover_enabled=\u00bboff\u00bb button_border_radius__hover_enabled=\u00bboff\u00bb button_one_border_radius__hover_enabled=\u00bboff\u00bb button_two_border_radius__hover_enabled=\u00bboff\u00bb button_letter_spacing__hover_enabled=\u00bboff\u00bb button_one_letter_spacing__hover_enabled=\u00bboff\u00bb button_two_letter_spacing__hover_enabled=\u00bboff\u00bb button_bg_color__hover_enabled=\u00bboff\u00bb button_one_bg_color__hover_enabled=\u00bboff\u00bb button_two_bg_color__hover_enabled=\u00bboff\u00bb][\/et_pb_contact_field][et_pb_contact_field field_id=\u00bbEmail\u00bb field_title=\u00bbCorreu electr\u00f2nic\u00bb field_type=\u00bbemail\u00bb _builder_version=\u00bb4.27.4&#8243; border_radii=\u00bbon|15px|15px|15px|15px\u00bb global_colors_info=\u00bb{}\u00bb button_text_size__hover_enabled=\u00bboff\u00bb button_one_text_size__hover_enabled=\u00bboff\u00bb button_two_text_size__hover_enabled=\u00bboff\u00bb button_text_color__hover_enabled=\u00bboff\u00bb button_one_text_color__hover_enabled=\u00bboff\u00bb button_two_text_color__hover_enabled=\u00bboff\u00bb button_border_width__hover_enabled=\u00bboff\u00bb button_one_border_width__hover_enabled=\u00bboff\u00bb button_two_border_width__hover_enabled=\u00bboff\u00bb button_border_color__hover_enabled=\u00bboff\u00bb button_one_border_color__hover_enabled=\u00bboff\u00bb button_two_border_color__hover_enabled=\u00bboff\u00bb button_border_radius__hover_enabled=\u00bboff\u00bb button_one_border_radius__hover_enabled=\u00bboff\u00bb button_two_border_radius__hover_enabled=\u00bboff\u00bb button_letter_spacing__hover_enabled=\u00bboff\u00bb button_one_letter_spacing__hover_enabled=\u00bboff\u00bb button_two_letter_spacing__hover_enabled=\u00bboff\u00bb button_bg_color__hover_enabled=\u00bboff\u00bb button_one_bg_color__hover_enabled=\u00bboff\u00bb button_two_bg_color__hover_enabled=\u00bboff\u00bb][\/et_pb_contact_field][et_pb_contact_field field_id=\u00bbMessage\u00bb field_title=\u00bbMissatge\u00bb field_type=\u00bbtext\u00bb fullwidth_field=\u00bbon\u00bb _builder_version=\u00bb4.27.4&#8243; border_radii=\u00bbon|15px|15px|15px|15px\u00bb global_colors_info=\u00bb{}\u00bb button_text_size__hover_enabled=\u00bboff\u00bb button_one_text_size__hover_enabled=\u00bboff\u00bb button_two_text_size__hover_enabled=\u00bboff\u00bb button_text_color__hover_enabled=\u00bboff\u00bb button_one_text_color__hover_enabled=\u00bboff\u00bb button_two_text_color__hover_enabled=\u00bboff\u00bb button_border_width__hover_enabled=\u00bboff\u00bb button_one_border_width__hover_enabled=\u00bboff\u00bb button_two_border_width__hover_enabled=\u00bboff\u00bb button_border_color__hover_enabled=\u00bboff\u00bb button_one_border_color__hover_enabled=\u00bboff\u00bb button_two_border_color__hover_enabled=\u00bboff\u00bb button_border_radius__hover_enabled=\u00bboff\u00bb button_one_border_radius__hover_enabled=\u00bboff\u00bb button_two_border_radius__hover_enabled=\u00bboff\u00bb button_letter_spacing__hover_enabled=\u00bboff\u00bb button_one_letter_spacing__hover_enabled=\u00bboff\u00bb button_two_letter_spacing__hover_enabled=\u00bboff\u00bb button_bg_color__hover_enabled=\u00bboff\u00bb button_one_bg_color__hover_enabled=\u00bboff\u00bb button_two_bg_color__hover_enabled=\u00bboff\u00bb][\/et_pb_contact_field][\/et_pb_contact_form][\/et_pb_column][et_pb_column type=\u00bb1_4&#8243; _builder_version=\u00bb4.27.4&#8243; custom_padding=\u00bb||||false|false\u00bb custom_padding_tablet=\u00bb||30px||false|false\u00bb custom_padding_phone=\u00bb||25px||false|false\u00bb custom_padding_last_edited=\u00bbon|tablet\u00bb global_colors_info=\u00bb{}\u00bb custom_padding__hover=\u00bb|||\u00bb][et_pb_text _builder_version=\u00bb4.27.4&#8243; _module_preset=\u00bbdefault\u00bb text_text_shadow_style=\u00bbpreset2&#8243; text_text_shadow_blur_strength=\u00bb0.2em\u00bb global_colors_info=\u00bb{}\u00bb]<\/p>\n<h3><span style=\"font-size: xx-large; color: #ffffff;\">Troban&#8217;s<\/span><\/h3>\n<p><span style=\"color: #ffffff;\">Tots els dissabtes de l&#8217;any de 8:30 a 13:30 h. al Mercat Agrari de Ciutadella.<\/span><\/p>\n<p><span style=\"color: #ffffff;\">Pla\u00e7a de la llibertat, 1 \u00b7 9.<br \/>07760 Ciutadella. Menorca.<br \/>Illes Balears.<\/span><\/p>\n<p>[\/et_pb_text][\/et_pb_column][\/et_pb_row][\/et_pb_section]<\/p>\n","protected":false},"excerpt":{"rendered":"<p>El que et podem oferirSom productors, de verduraEl nostre \u00fanic punt de venda directa \u00e9s al mercat agrari de Ciutadella. Tots els dissabtes de l\u2019any i alguns dimecres, a l\u2019estiu. Disposam d\u2019un mailing a trav\u00e9s del qual es pot rebre, setmanalment, la relaci\u00f3 de productes que confiam recollir pel mercat i poder reservar la seva [&hellip;]<\/p>\n","protected":false},"author":1,"featured_media":0,"parent":0,"menu_order":0,"comment_status":"closed","ping_status":"closed","template":"","meta":{"_et_pb_use_builder":"on","_et_pb_old_content":"","_et_gb_content_width":"","inline_featured_image":false,"footnotes":""},"class_list":["post-1190","page","type-page","status-publish","hentry"],"yoast_head":"<!-- This site is optimized with the Yoast SEO plugin v26.9 - https:\/\/yoast.com\/product\/yoast-seo-wordpress\/ -->\n<title>Serveis - S&#039;hort de baix org&agrave;nic<\/title>\n<meta name=\"robots\" content=\"index, follow, max-snippet:-1, max-image-preview:large, max-video-preview:-1\" \/>\n<link rel=\"canonical\" href=\"https:\/\/shortdebaixorganic.com\/index.php\/serveis\/\" \/>\n<meta property=\"og:locale\" content=\"es_ES\" \/>\n<meta property=\"og:type\" content=\"article\" \/>\n<meta property=\"og:title\" content=\"Serveis - S&#039;hort de baix org&agrave;nic\" \/>\n<meta property=\"og:description\" content=\"El que et podem oferirSom productors, de verduraEl nostre \u00fanic punt de venda directa \u00e9s al mercat agrari de Ciutadella. Tots els dissabtes de l\u2019any i alguns dimecres, a l\u2019estiu. Disposam d\u2019un mailing a trav\u00e9s del qual es pot rebre, setmanalment, la relaci\u00f3 de productes que confiam recollir pel mercat i poder reservar la seva [&hellip;]\" \/>\n<meta property=\"og:url\" content=\"https:\/\/shortdebaixorganic.com\/index.php\/serveis\/\" \/>\n<meta property=\"og:site_name\" content=\"S&#039;hort de baix org&agrave;nic\" \/>\n<meta property=\"article:modified_time\" content=\"2025-05-04T17:40:39+00:00\" \/>\n<meta name=\"twitter:card\" content=\"summary_large_image\" \/>\n<meta name=\"twitter:label1\" content=\"Tiempo de lectura\" \/>\n\t<meta name=\"twitter:data1\" content=\"2 minutos\" \/>\n<script type=\"application\/ld+json\" class=\"yoast-schema-graph\">{\"@context\":\"https:\/\/schema.org\",\"@graph\":[{\"@type\":\"WebPage\",\"@id\":\"https:\/\/shortdebaixorganic.com\/index.php\/serveis\/\",\"url\":\"https:\/\/shortdebaixorganic.com\/index.php\/serveis\/\",\"name\":\"Serveis - S'hort de baix org&agrave;nic\",\"isPartOf\":{\"@id\":\"https:\/\/shortdebaixorganic.com\/#website\"},\"datePublished\":\"2025-05-02T18:57:44+00:00\",\"dateModified\":\"2025-05-04T17:40:39+00:00\",\"breadcrumb\":{\"@id\":\"https:\/\/shortdebaixorganic.com\/index.php\/serveis\/#breadcrumb\"},\"inLanguage\":\"es\",\"potentialAction\":[{\"@type\":\"ReadAction\",\"target\":[\"https:\/\/shortdebaixorganic.com\/index.php\/serveis\/\"]}]},{\"@type\":\"BreadcrumbList\",\"@id\":\"https:\/\/shortdebaixorganic.com\/index.php\/serveis\/#breadcrumb\",\"itemListElement\":[{\"@type\":\"ListItem\",\"position\":1,\"name\":\"Portada\",\"item\":\"https:\/\/shortdebaixorganic.com\/\"},{\"@type\":\"ListItem\",\"position\":2,\"name\":\"Serveis\"}]},{\"@type\":\"WebSite\",\"@id\":\"https:\/\/shortdebaixorganic.com\/#website\",\"url\":\"https:\/\/shortdebaixorganic.com\/\",\"name\":\"Shortdebaixorganic\",\"description\":\"Agricultura ecol&ograve;gica. Ciutadella. Menorca\",\"publisher\":{\"@id\":\"https:\/\/shortdebaixorganic.com\/#organization\"},\"potentialAction\":[{\"@type\":\"SearchAction\",\"target\":{\"@type\":\"EntryPoint\",\"urlTemplate\":\"https:\/\/shortdebaixorganic.com\/?s={search_term_string}\"},\"query-input\":{\"@type\":\"PropertyValueSpecification\",\"valueRequired\":true,\"valueName\":\"search_term_string\"}}],\"inLanguage\":\"es\"},{\"@type\":\"Organization\",\"@id\":\"https:\/\/shortdebaixorganic.com\/#organization\",\"name\":\"Shortdebaixorganic\",\"url\":\"https:\/\/shortdebaixorganic.com\/\",\"logo\":{\"@type\":\"ImageObject\",\"inLanguage\":\"es\",\"@id\":\"https:\/\/shortdebaixorganic.com\/#\/schema\/logo\/image\/\",\"url\":\"https:\/\/shortdebaixorganic.com\/wp-content\/uploads\/2021\/07\/Logo-SHORTDEBAIXORGANIC-525x250-1.png\",\"contentUrl\":\"https:\/\/shortdebaixorganic.com\/wp-content\/uploads\/2021\/07\/Logo-SHORTDEBAIXORGANIC-525x250-1.png\",\"width\":582,\"height\":250,\"caption\":\"Shortdebaixorganic\"},\"image\":{\"@id\":\"https:\/\/shortdebaixorganic.com\/#\/schema\/logo\/image\/\"},\"sameAs\":[\"https:\/\/www.instagram.com\/shortdebaixorganic_menorca\/\"]}]}<\/script>\n<!-- \/ Yoast SEO plugin. -->","yoast_head_json":{"title":"Serveis - S'hort de baix org&agrave;nic","robots":{"index":"index","follow":"follow","max-snippet":"max-snippet:-1","max-image-preview":"max-image-preview:large","max-video-preview":"max-video-preview:-1"},"canonical":"https:\/\/shortdebaixorganic.com\/index.php\/serveis\/","og_locale":"es_ES","og_type":"article","og_title":"Serveis - S'hort de baix org&agrave;nic","og_description":"El que et podem oferirSom productors, de verduraEl nostre \u00fanic punt de venda directa \u00e9s al mercat agrari de Ciutadella. Tots els dissabtes de l\u2019any i alguns dimecres, a l\u2019estiu. Disposam d\u2019un mailing a trav\u00e9s del qual es pot rebre, setmanalment, la relaci\u00f3 de productes que confiam recollir pel mercat i poder reservar la seva [&hellip;]","og_url":"https:\/\/shortdebaixorganic.com\/index.php\/serveis\/","og_site_name":"S'hort de baix org&agrave;nic","article_modified_time":"2025-05-04T17:40:39+00:00","twitter_card":"summary_large_image","twitter_misc":{"Tiempo de lectura":"2 minutos"},"schema":{"@context":"https:\/\/schema.org","@graph":[{"@type":"WebPage","@id":"https:\/\/shortdebaixorganic.com\/index.php\/serveis\/","url":"https:\/\/shortdebaixorganic.com\/index.php\/serveis\/","name":"Serveis - S'hort de baix org&agrave;nic","isPartOf":{"@id":"https:\/\/shortdebaixorganic.com\/#website"},"datePublished":"2025-05-02T18:57:44+00:00","dateModified":"2025-05-04T17:40:39+00:00","breadcrumb":{"@id":"https:\/\/shortdebaixorganic.com\/index.php\/serveis\/#breadcrumb"},"inLanguage":"es","potentialAction":[{"@type":"ReadAction","target":["https:\/\/shortdebaixorganic.com\/index.php\/serveis\/"]}]},{"@type":"BreadcrumbList","@id":"https:\/\/shortdebaixorganic.com\/index.php\/serveis\/#breadcrumb","itemListElement":[{"@type":"ListItem","position":1,"name":"Portada","item":"https:\/\/shortdebaixorganic.com\/"},{"@type":"ListItem","position":2,"name":"Serveis"}]},{"@type":"WebSite","@id":"https:\/\/shortdebaixorganic.com\/#website","url":"https:\/\/shortdebaixorganic.com\/","name":"Shortdebaixorganic","description":"Agricultura ecol&ograve;gica. Ciutadella. Menorca","publisher":{"@id":"https:\/\/shortdebaixorganic.com\/#organization"},"potentialAction":[{"@type":"SearchAction","target":{"@type":"EntryPoint","urlTemplate":"https:\/\/shortdebaixorganic.com\/?s={search_term_string}"},"query-input":{"@type":"PropertyValueSpecification","valueRequired":true,"valueName":"search_term_string"}}],"inLanguage":"es"},{"@type":"Organization","@id":"https:\/\/shortdebaixorganic.com\/#organization","name":"Shortdebaixorganic","url":"https:\/\/shortdebaixorganic.com\/","logo":{"@type":"ImageObject","inLanguage":"es","@id":"https:\/\/shortdebaixorganic.com\/#\/schema\/logo\/image\/","url":"https:\/\/shortdebaixorganic.com\/wp-content\/uploads\/2021\/07\/Logo-SHORTDEBAIXORGANIC-525x250-1.png","contentUrl":"https:\/\/shortdebaixorganic.com\/wp-content\/uploads\/2021\/07\/Logo-SHORTDEBAIXORGANIC-525x250-1.png","width":582,"height":250,"caption":"Shortdebaixorganic"},"image":{"@id":"https:\/\/shortdebaixorganic.com\/#\/schema\/logo\/image\/"},"sameAs":["https:\/\/www.instagram.com\/shortdebaixorganic_menorca\/"]}]}},"_links":{"self":[{"href":"https:\/\/shortdebaixorganic.com\/index.php\/wp-json\/wp\/v2\/pages\/1190","targetHints":{"allow":["GET"]}}],"collection":[{"href":"https:\/\/shortdebaixorganic.com\/index.php\/wp-json\/wp\/v2\/pages"}],"about":[{"href":"https:\/\/shortdebaixorganic.com\/index.php\/wp-json\/wp\/v2\/types\/page"}],"author":[{"embeddable":true,"href":"https:\/\/shortdebaixorganic.com\/index.php\/wp-json\/wp\/v2\/users\/1"}],"replies":[{"embeddable":true,"href":"https:\/\/shortdebaixorganic.com\/index.php\/wp-json\/wp\/v2\/comments?post=1190"}],"version-history":[{"count":7,"href":"https:\/\/shortdebaixorganic.com\/index.php\/wp-json\/wp\/v2\/pages\/1190\/revisions"}],"predecessor-version":[{"id":1259,"href":"https:\/\/shortdebaixorganic.com\/index.php\/wp-json\/wp\/v2\/pages\/1190\/revisions\/1259"}],"wp:attachment":[{"href":"https:\/\/shortdebaixorganic.com\/index.php\/wp-json\/wp\/v2\/media?parent=1190"}],"curies":[{"name":"wp","href":"https:\/\/api.w.org\/{rel}","templated":true}]}}